{"id":937,"date":"2016-10-05T12:41:26","date_gmt":"2016-10-05T12:41:26","guid":{"rendered":"http:\/\/www.garciasabate.com\/?page_id=937"},"modified":"2016-10-05T12:41:26","modified_gmt":"2016-10-05T12:41:26","slug":"laurel-and-hardy","status":"publish","type":"page","link":"https:\/\/www.garciasabate.com\/en\/laurel-and-hardy\/","title":{"rendered":"Laurel and Hardy"},"content":{"rendered":"<p>[vc_row][vc_column][rev_slider_vc alias=\u00bblaurel\u00bb][\/vc_column][\/vc_row][vc_row][vc_column][vc_empty_space height=\u00bb62px\u00bb][\/vc_column][\/vc_row][vc_row container_width=\u00bbyes\u00bb full_width=\u00bbstretch_row_content\u00bb gap=\u00bb20&#8243;][vc_column width=\u00bb1\/3&#8243;][vc_custom_heading text=\u00bbCOMPOSICI\u00d3N H7&#8243; font_container=\u00bbtag:h2|text_align:justify\u00bb use_theme_fonts=\u00bbyes\u00bb][vc_separator color=\u00bbcustom\u00bb align=\u00bbalign_left\u00bb border_width=\u00bb2&#8243; el_width=\u00bb60&#8243; accent_color=\u00bb#ab2326&#8243;][vc_empty_space][vc_column_text]Fabricada completamente en Roble Montana, acabada con un barniz con tratamiento anti-ara\u00f1azos. Compuesta por dos m\u00f3dulos que son apilables y quedan integrados en una sola unidad.[\/vc_column_text][vc_empty_space][vc_images_carousel images=\u00bb3414,3415&#8243; img_size=\u00bbmedium\u00bb hide_pagination_control=\u00bbyes\u00bb hide_prev_next_buttons=\u00bbyes\u00bb][\/vc_column][vc_column width=\u00bb1\/3&#8243;][vc_custom_heading text=\u00bbCOMPOSICI\u00d3N H6&#8243; font_container=\u00bbtag:h2|text_align:justify\u00bb use_theme_fonts=\u00bbyes\u00bb][vc_separator color=\u00bbcustom\u00bb align=\u00bbalign_left\u00bb border_width=\u00bb2&#8243; el_width=\u00bb60&#8243; accent_color=\u00bb#ab2326&#8243;][vc_empty_space][vc_column_text]Acabados en blanco mate y roble montana. La variedad de m\u00f3dulos nos permite formar vol\u00famenes superpuestos y combinar acabados. La medida de esta composici\u00f3n es 300 cms x 184 cms de alto.[\/vc_column_text][vc_empty_space][vc_images_carousel images=\u00bb3416,3417&#8243; img_size=\u00bbmedium\u00bb hide_pagination_control=\u00bbyes\u00bb hide_prev_next_buttons=\u00bbyes\u00bb][\/vc_column][vc_column width=\u00bb1\/3&#8243;][vc_custom_heading text=\u00bbCOMPOSICI\u00d3N H1&#8243; font_container=\u00bbtag:h2|text_align:justify\u00bb use_theme_fonts=\u00bbyes\u00bb][vc_separator color=\u00bbcustom\u00bb align=\u00bbalign_left\u00bb border_width=\u00bb2&#8243; el_width=\u00bb60&#8243; accent_color=\u00bb#ab2326&#8243;][vc_empty_space][vc_column_text]Fabricada totalmente en roble montana, compuesta por un mueble bajo de cajones con gran capacidad, y un buffet de tres puertas y mueble alto de puerta elevable.[\/vc_column_text][vc_empty_space][vc_images_carousel images=\u00bb3418,3419,3420&#8243; img_size=\u00bbmedium\u00bb hide_pagination_control=\u00bbyes\u00bb hide_prev_next_buttons=\u00bbyes\u00bb][\/vc_column][\/vc_row][vc_row container_width=\u00bbyes\u00bb full_width=\u00bbstretch_row_content\u00bb gap=\u00bb20&#8243;][vc_column width=\u00bb1\/3&#8243;][vc_custom_heading text=\u00bbCOMPOSICI\u00d3N L21&#8243; font_container=\u00bbtag:h2|text_align:justify\u00bb use_theme_fonts=\u00bbyes\u00bb][vc_separator color=\u00bbcustom\u00bb align=\u00bbalign_left\u00bb border_width=\u00bb2&#8243; el_width=\u00bb60&#8243; accent_color=\u00bb#ab2326&#8243;][vc_empty_space][vc_column_text]<strong>Composici\u00f3n<\/strong>\u00a0de\u00a0<strong>sal\u00f3n moderno<\/strong>\u00a0fabricado<strong>\u00a0<\/strong>in\u00a0<strong>chapa natural de roble montana<\/strong>\u00a0con nudos, combinada con lacados en mate o brillo.[\/vc_column_text][vc_empty_space][vc_images_carousel images=\u00bb3233&#8243; img_size=\u00bbmedium\u00bb hide_pagination_control=\u00bbyes\u00bb hide_prev_next_buttons=\u00bbyes\u00bb][\/vc_column][vc_column width=\u00bb1\/3&#8243;][vc_custom_heading text=\u00bbCOMPOSICI\u00d3N H41&#8243; font_container=\u00bbtag:h2|text_align:justify\u00bb use_theme_fonts=\u00bbyes\u00bb][vc_separator color=\u00bbcustom\u00bb align=\u00bbalign_left\u00bb border_width=\u00bb2&#8243; el_width=\u00bb60&#8243; accent_color=\u00bb#ab2326&#8243;][vc_empty_space][vc_column_text]Combina acabados de chapa Roble Montana y frentes porcel\u00e1nicos en el frente del buffet para dar al mueble una marcada personalidad. Los diferentes acabados porcel\u00e1nicos permiten personalizar el m\u00f3dulo.[\/vc_column_text][vc_empty_space][vc_images_carousel images=\u00bb3422,3423,3424,3425&#8243; img_size=\u00bbmedium\u00bb hide_pagination_control=\u00bbyes\u00bb hide_prev_next_buttons=\u00bbyes\u00bb][\/vc_column][vc_column width=\u00bb1\/3&#8243;][vc_custom_heading text=\u00bbCOMPOSICI\u00d3N H21&#8243; font_container=\u00bbtag:h2|text_align:justify\u00bb use_theme_fonts=\u00bbyes\u00bb][vc_separator color=\u00bbcustom\u00bb align=\u00bbalign_left\u00bb border_width=\u00bb2&#8243; el_width=\u00bb60&#8243; accent_color=\u00bb#ab2326&#8243;][vc_empty_space][vc_column_text]Composici\u00f3n de m\u00f3dulos altos en los laterales y espacio central para la televisi\u00f3n , que puede ir colgada en el panel trasero acabado en arena mate. Este panel dispone de un herraje que permite girar la televisi\u00f3n hacia los dos lados. El resto de la composici\u00f3n est\u00e1 acabada en Nogal americano[\/vc_column_text][vc_empty_space][vc_images_carousel images=\u00bb3431,3433,3432&#8243; img_size=\u00bbmedium\u00bb hide_pagination_control=\u00bbyes\u00bb hide_prev_next_buttons=\u00bbyes\u00bb][\/vc_column][vc_column width=\u00bb1\/3&#8243;][vc_custom_heading text=\u00bbCOMPOSICI\u00d3N L1&#8243; font_container=\u00bbtag:h2|text_align:justify\u00bb use_theme_fonts=\u00bbyes\u00bb][vc_separator color=\u00bbcustom\u00bb align=\u00bbalign_left\u00bb border_width=\u00bb2&#8243; el_width=\u00bb60&#8243; accent_color=\u00bb#ab2326&#8243;][vc_empty_space][vc_column_text]Composici\u00f3n de dos piezas con gran capacidad de almacenaje, combinada en <strong>lacado Blanco mate y madera en Nogal stone<\/strong>.[\/vc_column_text][vc_empty_space][vc_images_carousel images=\u00bb4877,4876,4875&#8243; img_size=\u00bbmedium\u00bb hide_pagination_control=\u00bbyes\u00bb hide_prev_next_buttons=\u00bbyes\u00bb][vc_empty_space][vc_custom_heading text=\u00bbCOMPOSICI\u00d3N L31&#8243; font_container=\u00bbtag:h2|text_align:justify\u00bb use_theme_fonts=\u00bbyes\u00bb][vc_separator color=\u00bbcustom\u00bb align=\u00bbalign_left\u00bb border_width=\u00bb2&#8243; el_width=\u00bb60&#8243; accent_color=\u00bb#ab2326&#8243;][vc_empty_space][vc_column_text]Un sal\u00f3n funcional y lleno de estilo. Composici\u00f3n combinada en madera de <strong>Roble Montana, Grafito mate y Pizarra porcel\u00e1nico<\/strong>.[\/vc_column_text][vc_empty_space][vc_images_carousel images=\u00bb4884&#8243; img_size=\u00bbmedium\u00bb hide_pagination_control=\u00bbyes\u00bb hide_prev_next_buttons=\u00bbyes\u00bb][\/vc_column][vc_column width=\u00bb1\/3&#8243;][vc_custom_heading text=\u00bbCOMPOSICI\u00d3N L2&#8243; font_container=\u00bbtag:h2|text_align:justify\u00bb use_theme_fonts=\u00bbyes\u00bb][vc_separator color=\u00bbcustom\u00bb align=\u00bbalign_left\u00bb border_width=\u00bb2&#8243; el_width=\u00bb60&#8243; accent_color=\u00bb#ab2326&#8243;][vc_empty_space][vc_column_text]Dise\u00f1o en<strong> blanco mate, pizarra porcel\u00e1nico y roble montana<\/strong>. Esta composici\u00f3n permite combinar paneles en material porc\u00e9lanico. A su vez el m\u00f3dulo TV tiene un pasacables integrado muy pr\u00e1ctico[\/vc_column_text][vc_empty_space][vc_images_carousel images=\u00bb4880,4878,4879&#8243; img_size=\u00bbmedium\u00bb hide_pagination_control=\u00bbyes\u00bb hide_prev_next_buttons=\u00bbyes\u00bb][vc_custom_heading text=\u00bbCOMPOSICI\u00d3N L4&#8243; font_container=\u00bbtag:h2|text_align:justify\u00bb use_theme_fonts=\u00bbyes\u00bb][vc_separator color=\u00bbcustom\u00bb align=\u00bbalign_left\u00bb border_width=\u00bb2&#8243; el_width=\u00bb60&#8243; accent_color=\u00bb#ab2326&#8243;][vc_empty_space height=\u00bb10px\u00bb][vc_empty_space][vc_column_text]Composici\u00f3n en<strong> arena mate y nogal stone<\/strong>. Su dise\u00f1o modular ofrece una soluci\u00f3n para aprovechar cada espacio.[\/vc_column_text][vc_empty_space][vc_images_carousel images=\u00bb4886,4885&#8243; img_size=\u00bbmedium\u00bb hide_pagination_control=\u00bbyes\u00bb hide_prev_next_buttons=\u00bbyes\u00bb][\/vc_column][vc_column width=\u00bb1\/3&#8243;][vc_custom_heading text=\u00bbCOMPOSICI\u00d3N L3&#8243; font_container=\u00bbtag:h2|text_align:justify\u00bb use_theme_fonts=\u00bbyes\u00bb][vc_separator color=\u00bbcustom\u00bb align=\u00bbalign_left\u00bb border_width=\u00bb2&#8243; el_width=\u00bb60&#8243; accent_color=\u00bb#ab2326&#8243;][vc_empty_space][vc_column_text]Composici\u00f3n que a\u00fana practicidad, elegancia y un dise\u00f1o muy singular.<strong> Acabados combinados en blanco mate y piedra mate.<\/strong>[\/vc_column_text][vc_empty_space][vc_images_carousel images=\u00bb4883,4882,4881&#8243; img_size=\u00bbmedium\u00bb hide_pagination_control=\u00bbyes\u00bb hide_prev_next_buttons=\u00bbyes\u00bb][\/vc_column][vc_column width=\u00bb1\/3&#8243;][vc_empty_space][vc_custom_heading text=\u00bbCOMPOSICI\u00d3N L41&#8243; font_container=\u00bbtag:h2|text_align:justify\u00bb use_theme_fonts=\u00bbyes\u00bb][vc_separator color=\u00bbcustom\u00bb align=\u00bbalign_left\u00bb border_width=\u00bb2&#8243; el_width=\u00bb60&#8243; accent_color=\u00bb#ab2326&#8243;][vc_empty_space][\/vc_column][vc_column width=\u00bb1\/3&#8243;][vc_column_text]Un dise\u00f1o perfecto para los que buscan soluciones pr\u00e1cticas y elegantes. Composici\u00f3n en<strong> arena mate y nogal stone<\/strong> que incluye cajones con retenci\u00f3n y bisagras amortiguadas con cierre Soft.[\/vc_column_text][vc_empty_space][vc_images_carousel images=\u00bb4889,4887,4888&#8243; img_size=\u00bbmedium\u00bb hide_pagination_control=\u00bbyes\u00bb hide_prev_next_buttons=\u00bbyes\u00bb][\/vc_column][vc_column width=\u00bb1\/3&#8243;][vc_custom_heading text=\u00bbCOMPOSICI\u00d3N L5&#8243; font_container=\u00bbtag:h2|text_align:justify\u00bb use_theme_fonts=\u00bbyes\u00bb][vc_separator color=\u00bbcustom\u00bb align=\u00bbalign_left\u00bb border_width=\u00bb2&#8243; el_width=\u00bb60&#8243; accent_color=\u00bb#ab2326&#8243;][vc_empty_space][vc_column_text]Composici\u00f3n combinada en madera de <strong>Roble Montana, Piedra mate y Grafito<\/strong>. Un dise\u00f1o moderno y atemporal para dotar de elegancia tu sal\u00f3n.[\/vc_column_text][vc_empty_space][vc_images_carousel images=\u00bb4890,4892,4891&#8243; img_size=\u00bbmedium\u00bb hide_pagination_control=\u00bbyes\u00bb hide_prev_next_buttons=\u00bbyes\u00bb][\/vc_column][vc_column width=\u00bb1\/3&#8243;][vc_custom_heading text=\u00bbCOMPOSICI\u00d3N L6&#8243; font_container=\u00bbtag:h2|text_align:justify\u00bb use_theme_fonts=\u00bbyes\u00bb][vc_separator color=\u00bbcustom\u00bb align=\u00bbalign_left\u00bb border_width=\u00bb2&#8243; el_width=\u00bb60&#8243; accent_color=\u00bb#ab2326&#8243;][vc_empty_space][vc_column_text]Composici\u00f3n combinada en<strong> madera de nogal stone y piedra mate<\/strong>. Un dise\u00f1o ampli y arm\u00f3nico de inspiraci\u00f3n minimalista que dotar\u00e1 de estilo tu hogar.[\/vc_column_text][vc_empty_space][vc_images_carousel images=\u00bb4894,4893&#8243; img_size=\u00bbmedium\u00bb hide_pagination_control=\u00bbyes\u00bb hide_prev_next_buttons=\u00bbyes\u00bb][\/vc_column][vc_column width=\u00bb1\/3&#8243;][vc_custom_heading text=\u00bbCOMPOSICI\u00d3N L7&#8243; font_container=\u00bbtag:h2|text_align:justify\u00bb use_theme_fonts=\u00bbyes\u00bb][vc_separator color=\u00bbcustom\u00bb align=\u00bbalign_left\u00bb border_width=\u00bb2&#8243; el_width=\u00bb60&#8243; accent_color=\u00bb#ab2326&#8243;][vc_empty_space][vc_column_text]Dise\u00f1o acabado en <strong>arena mate y roble montana<\/strong>. Una combinaci\u00f3n de lacados y madera natural que potencia el estilo de tu estancia con elegantes formas vanguardistas.[\/vc_column_text][vc_empty_space][vc_images_carousel images=\u00bb4898,4895,4896,4897&#8243; img_size=\u00bbmedium\u00bb hide_pagination_control=\u00bbyes\u00bb hide_prev_next_buttons=\u00bbyes\u00bb][\/vc_column][vc_column width=\u00bb1\/3&#8243;][vc_custom_heading text=\u00bbCOMPOSICI\u00d3N L8&#8243; font_container=\u00bbtag:h2|text_align:justify\u00bb use_theme_fonts=\u00bbyes\u00bb][vc_separator color=\u00bbcustom\u00bb align=\u00bbalign_left\u00bb border_width=\u00bb2&#8243; el_width=\u00bb60&#8243; accent_color=\u00bb#ab2326&#8243;][vc_empty_space][vc_column_text]Calidad, fuerza y singularidad, as\u00ed se define este dise\u00f1o acabado en <strong>blanco mate y piedra mate.<\/strong>[\/vc_column_text][vc_empty_space][vc_images_carousel images=\u00bb4900,4899&#8243; img_size=\u00bbmedium\u00bb hide_pagination_control=\u00bbyes\u00bb hide_prev_next_buttons=\u00bbyes\u00bb][\/vc_column][vc_column width=\u00bb1\/3&#8243;][vc_custom_heading text=\u00bbCOMPOSICI\u00d3N L81&#8243; font_container=\u00bbtag:h2|text_align:justify\u00bb use_theme_fonts=\u00bbyes\u00bb][vc_separator color=\u00bbcustom\u00bb align=\u00bbalign_left\u00bb border_width=\u00bb2&#8243; el_width=\u00bb60&#8243; accent_color=\u00bb#ab2326&#8243;][vc_empty_space][vc_column_text]Dise\u00f1o en <strong>pizarra mate y roble montana<\/strong> que incluye soporte de TV integrado.<br \/>\nSoporte 2 brazos, en acero, para TV ultraplanos LED. M\u00ednima separaci\u00f3n de pared, movimiento de inclinaci\u00f3n, giro y rotaci\u00f3n, pasacables incluido.[\/vc_column_text][vc_empty_space][vc_images_carousel images=\u00bb4901&#8243; img_size=\u00bbmedium\u00bb hide_pagination_control=\u00bbyes\u00bb hide_prev_next_buttons=\u00bbyes\u00bb][\/vc_column][vc_column width=\u00bb1\/3&#8243;][vc_custom_heading text=\u00bbAPARADOR LAUREL\u00bb font_container=\u00bbtag:h2|text_align:justify\u00bb use_theme_fonts=\u00bbyes\u00bb][vc_separator color=\u00bbcustom\u00bb align=\u00bbalign_left\u00bb border_width=\u00bb2&#8243; el_width=\u00bb60&#8243; accent_color=\u00bb#ab2326&#8243;][vc_empty_space][vc_column_text]Dise\u00f1o en <strong>piedra mate y nogal stone<\/strong>. Este aparador te ofrece la posibilidad de combinar cada m\u00f3dulo en todos nuestros acabados puedes dar a tu sal\u00f3n la personalidad que m\u00e1s se acerca a t\u00ed.[\/vc_column_text][vc_empty_space][vc_images_carousel images=\u00bb4902&#8243; img_size=\u00bbmedium\u00bb hide_pagination_control=\u00bbyes\u00bb hide_prev_next_buttons=\u00bbyes\u00bb][\/vc_column][\/vc_row][vc_row][vc_column][vc_empty_space height=\u00bb62px\u00bb][\/vc_column][\/vc_row][vc_row container_width=\u00bbyes\u00bb full_width=\u00bbstretch_row_content\u00bb gap=\u00bb20&#8243;][vc_column width=\u00bb1\/3&#8243;][vc_custom_heading text=\u00bbCOMPOSICI\u00d3N H2&#8243; font_container=\u00bbtag:h2|text_align:justify\u00bb use_theme_fonts=\u00bbyes\u00bb][vc_separator color=\u00bbcustom\u00bb align=\u00bbalign_left\u00bb border_width=\u00bb2&#8243; el_width=\u00bb60&#8243; accent_color=\u00bb#ab2326&#8243;][vc_empty_space][vc_column_text]Combinando acabados piedra mate y Nogal americano. Las medidas de la composici\u00f3n son 320 cms de largo x 184 de alto. Los m\u00f3dulos laterales combinan puertas, cajones, y huecos para un \u00f3ptimo aprovechamiento. El m\u00f3dulo de televisi\u00f3n cuenta con pasacables de aluminio que permite ordenar todos los cables y enchufes.[\/vc_column_text][vc_empty_space][vc_images_carousel images=\u00bb3434&#8243; img_size=\u00bbmedium\u00bb hide_pagination_control=\u00bbyes\u00bb hide_prev_next_buttons=\u00bbyes\u00bb][\/vc_column][vc_column width=\u00bb1\/3&#8243;][vc_custom_heading text=\u00bbCOMPOSICI\u00d3N H5&#8243; font_container=\u00bbtag:h2|text_align:justify\u00bb use_theme_fonts=\u00bbyes\u00bb][vc_separator color=\u00bbcustom\u00bb align=\u00bbalign_left\u00bb border_width=\u00bb2&#8243; el_width=\u00bb60&#8243; accent_color=\u00bb#ab2326&#8243;][vc_empty_space][vc_column_text]Realizada en Nogal americano y laca arena mate. La posibilidad de juntar m\u00f3dulos con una o dos columnas hace que el mueble pueda adaptarse a los diferentes espacios del cliente.[\/vc_column_text][vc_empty_space][vc_images_carousel images=\u00bb3435&#8243; img_size=\u00bbmedium\u00bb hide_pagination_control=\u00bbyes\u00bb hide_prev_next_buttons=\u00bbyes\u00bb][\/vc_column][vc_column width=\u00bb1\/3&#8243;][vc_custom_heading text=\u00bbCOMPOSICI\u00d3N H8&#8243; font_container=\u00bbtag:h2|text_align:justify\u00bb use_theme_fonts=\u00bbyes\u00bb][vc_separator color=\u00bbcustom\u00bb align=\u00bbalign_left\u00bb border_width=\u00bb2&#8243; el_width=\u00bb60&#8243; accent_color=\u00bb#ab2326&#8243;][vc_empty_space][vc_column_text]Realizada en Nogal Stone y laca Piedra mate. Sencillez en las formas y m\u00e1ximo aprovechamiento del espacio. M\u00f3dulo de TV con dos cajones y pasacables de aluminio. Puertas de vitrina con bisagras ocultas dejan a la vista todo el interior del mueble.[\/vc_column_text][vc_empty_space][vc_images_carousel images=\u00bb3436&#8243; img_size=\u00bbmedium\u00bb hide_pagination_control=\u00bbyes\u00bb hide_prev_next_buttons=\u00bbyes\u00bb][\/vc_column][\/vc_row][vc_row][vc_column][vc_empty_space height=\u00bb62px\u00bb][\/vc_column][\/vc_row][vc_row container_width=\u00bbyes\u00bb full_width=\u00bbstretch_row_content\u00bb gap=\u00bb20&#8243;][vc_column width=\u00bb1\/3&#8243;][vc_custom_heading text=\u00bbCOMPOSICI\u00d3N H9&#8243; font_container=\u00bbtag:h2|text_align:justify\u00bb use_theme_fonts=\u00bbyes\u00bb][vc_separator color=\u00bbcustom\u00bb align=\u00bbalign_left\u00bb border_width=\u00bb2&#8243; el_width=\u00bb60&#8243; accent_color=\u00bb#ab2326&#8243;][vc_empty_space][vc_column_text]Composici\u00f3n que combina acabados en color arena mate y nogal americano. Muebles sueltos con personalidad y diferentes acabados que combinan entre s\u00ed.[\/vc_column_text][vc_empty_space][vc_images_carousel images=\u00bb3437&#8243; img_size=\u00bbmedium\u00bb hide_pagination_control=\u00bbyes\u00bb hide_prev_next_buttons=\u00bbyes\u00bb][\/vc_column][vc_column width=\u00bb1\/3&#8243;][vc_custom_heading text=\u00bbCOMPOSICI\u00d3N H4&#8243; font_container=\u00bbtag:h2|text_align:justify\u00bb use_theme_fonts=\u00bbyes\u00bb][vc_separator color=\u00bbcustom\u00bb align=\u00bbalign_left\u00bb border_width=\u00bb2&#8243; el_width=\u00bb60&#8243; accent_color=\u00bb#ab2326&#8243;][vc_empty_space][vc_column_text]Combinan m\u00f3dulo de televisi\u00f3n, estanter\u00eda y buffet combinando los acabados de laca blanca mate y el roble montana. Destacan las columnas laterales de 8 cms de grosor que dan la marcada personalidad a esta colecci\u00f3n.[\/vc_column_text][vc_empty_space][vc_images_carousel images=\u00bb3426&#8243; img_size=\u00bbmedium\u00bb hide_pagination_control=\u00bbyes\u00bb hide_prev_next_buttons=\u00bbyes\u00bb][\/vc_column][vc_column width=\u00bb1\/3&#8243;][vc_custom_heading text=\u00bbCOMPOSICI\u00d3N H31&#8243; font_container=\u00bbtag:h2|text_align:justify\u00bb use_theme_fonts=\u00bbyes\u00bb][vc_separator color=\u00bbcustom\u00bb align=\u00bbalign_left\u00bb border_width=\u00bb2&#8243; el_width=\u00bb60&#8243; accent_color=\u00bb#ab2326&#8243;][vc_empty_space][vc_column_text]Compuesta por dos m\u00f3dulos sueltos que pueden ser colocados a modo de composici\u00f3n o funcionar individualmente. Lacados en color blanco mate, para un ambiente donde predomina la luz y la armon\u00eda en todos los acabados dentro de una misma gama.[\/vc_column_text][vc_empty_space][vc_images_carousel images=\u00bb3427&#8243; img_size=\u00bbmedium\u00bb hide_pagination_control=\u00bbyes\u00bb hide_prev_next_buttons=\u00bbyes\u00bb][\/vc_column][\/vc_row][vc_row][vc_column][vc_empty_space height=\u00bb62px\u00bb][\/vc_column][\/vc_row][vc_row container_width=\u00bbyes\u00bb full_width=\u00bbstretch_row_content\u00bb gap=\u00bb20&#8243;][vc_column width=\u00bb1\/3&#8243;][vc_custom_heading text=\u00bbCOMPOSICI\u00d3N H32&#8243; font_container=\u00bbtag:h2|text_align:justify\u00bb use_theme_fonts=\u00bbyes\u00bb][vc_separator color=\u00bbcustom\u00bb align=\u00bbalign_left\u00bb border_width=\u00bb2&#8243; el_width=\u00bb60&#8243; accent_color=\u00bb#ab2326&#8243;][vc_empty_space][vc_column_text]Composici\u00f3n de m\u00f3dulos fabricados en chapa de Nogal americano, le confieren otro car\u00e1cter a la misma estancia. Los muebles adquieren un aspecto m\u00e1s tradicional y acogedor.[\/vc_column_text][vc_empty_space][vc_images_carousel images=\u00bb3428&#8243; img_size=\u00bbmedium\u00bb hide_pagination_control=\u00bbyes\u00bb hide_prev_next_buttons=\u00bbyes\u00bb][\/vc_column][vc_column width=\u00bb1\/3&#8243;][vc_custom_heading text=\u00bbCOMPOSICI\u00d3N H3&#8243; font_container=\u00bbtag:h2|text_align:justify\u00bb use_theme_fonts=\u00bbyes\u00bb][vc_separator color=\u00bbcustom\u00bb align=\u00bbalign_left\u00bb border_width=\u00bb2&#8243; el_width=\u00bb60&#8243; accent_color=\u00bb#ab2326&#8243;][vc_empty_space][vc_column_text]Acabada en Roble Montana. Formada por un buffet de 140 cms de ancho X 144 cms de alto con capacidad para toda la vajilla y servicio del comedor. Un m\u00f3dulo para televisi\u00f3n hecho con grandes gruesos y estanter\u00eda con lados de 8 cms de ancho. Barnizados con un acabado antiara\u00f1azos[\/vc_column_text][vc_empty_space][vc_images_carousel images=\u00bb3429,3430&#8243; img_size=\u00bbmedium\u00bb hide_pagination_control=\u00bbyes\u00bb hide_prev_next_buttons=\u00bbyes\u00bb][\/vc_column][vc_column width=\u00bb1\/3&#8243;][vc_custom_heading text=\u00bbBUFFET\u00bb font_container=\u00bbtag:h2|text_align:justify\u00bb use_theme_fonts=\u00bbyes\u00bb][vc_separator color=\u00bbcustom\u00bb align=\u00bbalign_left\u00bb border_width=\u00bb2&#8243; el_width=\u00bb60&#8243; accent_color=\u00bb#ab2326&#8243;][vc_empty_space][vc_column_text]Sal\u00f3n compuesto por un buffet lacado de color blanco en acabado mate combinada con una puerta porcel\u00e1nica y el interior de madera de roble Montana. La mesa Modelo O est\u00e1 hecha toda de Roble montana con acabado antiara\u00f1azos de 140 cms extensible a 180 y 220 cms colocando uno o dos alas centrales.[\/vc_column_text][vc_images_carousel images=\u00bb3410&#8243; img_size=\u00bbmedium\u00bb hide_pagination_control=\u00bbyes\u00bb hide_prev_next_buttons=\u00bbyes\u00bb][vc_empty_space][\/vc_column][\/vc_row][vc_row][vc_column][vc_empty_space height=\u00bb62px\u00bb][\/vc_column][\/vc_row][vc_row container_width=\u00bbyes\u00bb full_width=\u00bbstretch_row_content\u00bb gap=\u00bb20&#8243;][vc_column width=\u00bb1\/3&#8243;][vc_custom_heading text=\u00bbBUFFET\u00bb font_container=\u00bbtag:h2|text_align:justify\u00bb use_theme_fonts=\u00bbyes\u00bb][vc_separator color=\u00bbcustom\u00bb align=\u00bbalign_left\u00bb border_width=\u00bb2&#8243; el_width=\u00bb60&#8243; accent_color=\u00bb#ab2326&#8243;][vc_empty_space][vc_column_text]Sal\u00f3n compuesto por un buffet de roble Montana de medida 128 cms, con gran capacidad para guardar todo el servicio. La mesa Modelo O est\u00e1 hecha toda de Roble montana con acabado antiara\u00f1azos de 140 cms extensible a 180 y 220 cms colocando uno o dos alas centrales.[\/vc_column_text][vc_empty_space][vc_images_carousel images=\u00bb3411&#8243; img_size=\u00bbmedium\u00bb hide_pagination_control=\u00bbyes\u00bb hide_prev_next_buttons=\u00bbyes\u00bb][vc_empty_space][\/vc_column][vc_column width=\u00bb1\/3&#8243;][vc_custom_heading text=\u00bbBUFFET\u00bb font_container=\u00bbtag:h2|text_align:justify\u00bb use_theme_fonts=\u00bbyes\u00bb][vc_separator color=\u00bbcustom\u00bb align=\u00bbalign_left\u00bb border_width=\u00bb2&#8243; el_width=\u00bb60&#8243; accent_color=\u00bb#ab2326&#8243;][vc_empty_space][vc_column_text]Buffet de 3 puertas lacado en color piedra mate, combinado con un interior de madera de Nogal acabado Stone. La medida es de 188 cms de largo x 104 cms de alto. La mesa con patas en forma de X est\u00e1 lacada en color Piedra mate, y el sobre es porcel\u00e1nico. Sus medidas son de 140 cms extensible a 180 y 220 cms.[\/vc_column_text][vc_empty_space][vc_images_carousel images=\u00bb3412&#8243; img_size=\u00bbmedium\u00bb hide_pagination_control=\u00bbyes\u00bb hide_prev_next_buttons=\u00bbyes\u00bb][\/vc_column][vc_column width=\u00bb1\/3&#8243;][vc_custom_heading text=\u00bbBUFFET\u00bb font_container=\u00bbtag:h2|text_align:justify\u00bb use_theme_fonts=\u00bbyes\u00bb][vc_separator color=\u00bbcustom\u00bb align=\u00bbalign_left\u00bb border_width=\u00bb2&#8243; el_width=\u00bb60&#8243; accent_color=\u00bb#ab2326&#8243;][vc_empty_space][vc_column_text]Buffet de 200 cms x 104 cms de alto, que combina los acabados piedra mate para frentes y lados, y el Nogal Stone para su interior.\u00a0 La mesa con patas en forma de X est\u00e1 lacada en color Piedra mate, y el sobre es porcel\u00e1nico. Sus medidas son de 140 cms extensible a 180 y 220 cms.[\/vc_column_text][vc_empty_space][vc_images_carousel images=\u00bb3413&#8243; img_size=\u00bbmedium\u00bb hide_pagination_control=\u00bbyes\u00bb hide_prev_next_buttons=\u00bbyes\u00bb][\/vc_column][\/vc_row][vc_row][vc_column][vc_empty_space height=\u00bb62px\u00bb][\/vc_column][\/vc_row][vc_row container_width=\u00bbyes\u00bb full_width=\u00bbstretch_row_content\u00bb gap=\u00bb20&#8243;][vc_column width=\u00bb1\/3&#8243;][vc_custom_heading text=\u00bbBUFFET\u00bb font_container=\u00bbtag:h2|text_align:justify\u00bb use_theme_fonts=\u00bbyes\u00bb][vc_separator color=\u00bbcustom\u00bb align=\u00bbalign_left\u00bb border_width=\u00bb2&#8243; el_width=\u00bb60&#8243; accent_color=\u00bb#ab2326&#8243;][vc_empty_space][vc_column_text]Buffet de 3 puertas acabado en chapa de roble Montana combinado con interior lacado blanco mate.\u00a0 La mesa de 140 cms extensible a 180 y 220 cms colocando uno o dos alas centrales. La composici\u00f3n de librer\u00eda combina los mismos acabados y es totalmente componible.[\/vc_column_text][vc_empty_space][vc_images_carousel images=\u00bb3409&#8243; img_size=\u00bbmedium\u00bb hide_pagination_control=\u00bbyes\u00bb hide_prev_next_buttons=\u00bbyes\u00bb][vc_empty_space][\/vc_column][\/vc_row][vc_row][vc_column][vc_empty_space height=\u00bb62px\u00bb][\/vc_column][vc_column][vc_column_text]<\/p>\n<h1 style=\"text-transform: uppercase; font-size: 52px; margin: 0px 0px 26px; padding: 0px; letter-spacing: 1px; text-align: center;\">Colecci\u00f3n LAUREL Y HARDY<\/h1>\n<p style=\"font-size: 18px; font-style: italic; color: #333333; margin-bottom: 20px; text-align: center;\">\u201cLa elegancia con toque de modernismo, un mueble que da distinci\u00f3n en cualquier ambiente\u201d<\/p>\n<p style=\"text-align: center;\"><strong>LAUREL &amp; HARDY<\/strong> es el nuevo <strong>programa modular para salones y comedores<\/strong>. Incluye una gran variedad de estantes para libros y aparadores que dan un toque contempor\u00e1neo y con estilo\u00a0a los espacios.<\/p>\n<div id=\"attachment_8907\" class=\"wp-caption aligncenter\" style=\"text-align: center;\">Los acabados incluyen madera de roble natural de Montana y opciones en roble de fum\u00e9 y nogal americano que se pueden combinar con lacado refinado y disponibles en diferentes tonos, bien sea brillantes o mates.<\/div>\n<p>[\/vc_column_text][\/vc_column][\/vc_row][vc_row][vc_column][vc_empty_space height=\u00bb62px\u00bb][\/vc_column][\/vc_row]<\/p>","protected":false},"excerpt":{"rendered":"<p>[vc_row][vc_column][rev_slider_vc alias=\u00bblaurel\u00bb][\/vc_column][\/vc_row][vc_row][vc_column][vc_empty_space height=\u00bb62px\u00bb][\/vc_column][\/vc_row][vc_row container_width=\u00bbyes\u00bb full_width=\u00bbstretch_row_content\u00bb gap=\u00bb20&#8243;][vc_column width=\u00bb1\/3&#8243;][vc_custom_heading text=\u00bbCOMPOSICI\u00d3N H7&#8243; font_container=\u00bbtag:h2|text_align:justify\u00bb use_theme_fonts=\u00bbyes\u00bb][vc_separator color=\u00bbcustom\u00bb align=\u00bbalign_left\u00bb border_width=\u00bb2&#8243; el_width=\u00bb60&#8243; accent_color=\u00bb#ab2326&#8243;][vc_empty_space][vc_column_text]Fabricada completamente en Roble Montana,<\/p>","protected":false},"author":1,"featured_media":0,"parent":0,"menu_order":0,"comment_status":"closed","ping_status":"closed","template":"page-full-width.php","meta":{"footnotes":""},"class_list":["post-937","page","type-page","status-publish","hentry"],"yoast_head":"<!-- This site is optimized with the Yoast SEO plugin v23.4 - https:\/\/yoast.com\/wordpress\/plugins\/seo\/ -->\n<title>Laurel and Hardy - Garcia Sabat\u00e9<\/title>\n<meta name=\"description\" content=\"LAUREL &amp; HARDY es el nuevo programa modular para salones y comedores. Incluye una gran variedad de paredes, estantes para libros y aparadores\" \/>\n<meta name=\"robots\" content=\"index, follow, max-snippet:-1, max-image-preview:large, max-video-preview:-1\" \/>\n<link rel=\"canonical\" href=\"https:\/\/www.garciasabate.com\/en\/laurel-and-hardy\/\" \/>\n<meta property=\"og:locale\" content=\"en_GB\" \/>\n<meta property=\"og:type\" content=\"article\" \/>\n<meta property=\"og:title\" content=\"Laurel and Hardy - Garcia Sabat\u00e9\" \/>\n<meta property=\"og:description\" content=\"LAUREL &amp; HARDY es el nuevo programa modular para salones y comedores. Incluye una gran variedad de paredes, estantes para libros y aparadores\" \/>\n<meta property=\"og:url\" content=\"https:\/\/www.garciasabate.com\/en\/laurel-and-hardy\/\" \/>\n<meta property=\"og:site_name\" content=\"Garcia Sabat\u00e9\" \/>\n<meta name=\"twitter:card\" content=\"summary_large_image\" \/>\n<meta name=\"twitter:label1\" content=\"Estimated reading time\" \/>\n\t<meta name=\"twitter:data1\" content=\"17 minutes\" \/>\n<script type=\"application\/ld+json\" class=\"yoast-schema-graph\">{\"@context\":\"https:\/\/schema.org\",\"@graph\":[{\"@type\":\"WebPage\",\"@id\":\"https:\/\/www.garciasabate.com\/laurel-and-hardy\/\",\"url\":\"https:\/\/www.garciasabate.com\/laurel-and-hardy\/\",\"name\":\"Laurel and Hardy - Garcia Sabat\u00e9\",\"isPartOf\":{\"@id\":\"https:\/\/www.garciasabate.com\/#website\"},\"datePublished\":\"2016-10-05T12:41:26+00:00\",\"dateModified\":\"2016-10-05T12:41:26+00:00\",\"description\":\"LAUREL & HARDY es el nuevo programa modular para salones y comedores. Incluye una gran variedad de paredes, estantes para libros y aparadores\",\"breadcrumb\":{\"@id\":\"https:\/\/www.garciasabate.com\/laurel-and-hardy\/#breadcrumb\"},\"inLanguage\":\"en-GB\",\"potentialAction\":[{\"@type\":\"ReadAction\",\"target\":[\"https:\/\/www.garciasabate.com\/laurel-and-hardy\/\"]}]},{\"@type\":\"BreadcrumbList\",\"@id\":\"https:\/\/www.garciasabate.com\/laurel-and-hardy\/#breadcrumb\",\"itemListElement\":[{\"@type\":\"ListItem\",\"position\":1,\"name\":\"Portada\",\"item\":\"https:\/\/www.garciasabate.com\/\"},{\"@type\":\"ListItem\",\"position\":2,\"name\":\"Laurel and Hardy\"}]},{\"@type\":\"WebSite\",\"@id\":\"https:\/\/www.garciasabate.com\/#website\",\"url\":\"https:\/\/www.garciasabate.com\/\",\"name\":\"Garcia Sabat\u00e9\",\"description\":\"Muebles Modernos\",\"potentialAction\":[{\"@type\":\"SearchAction\",\"target\":{\"@type\":\"EntryPoint\",\"urlTemplate\":\"https:\/\/www.garciasabate.com\/?s={search_term_string}\"},\"query-input\":{\"@type\":\"PropertyValueSpecification\",\"valueRequired\":true,\"valueName\":\"search_term_string\"}}],\"inLanguage\":\"en-GB\"}]}<\/script>\n<!-- \/ Yoast SEO plugin. -->","yoast_head_json":{"title":"Laurel and Hardy - Garcia Sabat\u00e9","description":"LAUREL & HARDY es el nuevo programa modular para salones y comedores. Incluye una gran variedad de paredes, estantes para libros y aparadores","robots":{"index":"index","follow":"follow","max-snippet":"max-snippet:-1","max-image-preview":"max-image-preview:large","max-video-preview":"max-video-preview:-1"},"canonical":"https:\/\/www.garciasabate.com\/en\/laurel-and-hardy\/","og_locale":"en_GB","og_type":"article","og_title":"Laurel and Hardy - Garcia Sabat\u00e9","og_description":"LAUREL & HARDY es el nuevo programa modular para salones y comedores. Incluye una gran variedad de paredes, estantes para libros y aparadores","og_url":"https:\/\/www.garciasabate.com\/en\/laurel-and-hardy\/","og_site_name":"Garcia Sabat\u00e9","twitter_card":"summary_large_image","twitter_misc":{"Estimated reading time":"17 minutes"},"schema":{"@context":"https:\/\/schema.org","@graph":[{"@type":"WebPage","@id":"https:\/\/www.garciasabate.com\/laurel-and-hardy\/","url":"https:\/\/www.garciasabate.com\/laurel-and-hardy\/","name":"Laurel and Hardy - Garcia Sabat\u00e9","isPartOf":{"@id":"https:\/\/www.garciasabate.com\/#website"},"datePublished":"2016-10-05T12:41:26+00:00","dateModified":"2016-10-05T12:41:26+00:00","description":"LAUREL & HARDY es el nuevo programa modular para salones y comedores. Incluye una gran variedad de paredes, estantes para libros y aparadores","breadcrumb":{"@id":"https:\/\/www.garciasabate.com\/laurel-and-hardy\/#breadcrumb"},"inLanguage":"en-GB","potentialAction":[{"@type":"ReadAction","target":["https:\/\/www.garciasabate.com\/laurel-and-hardy\/"]}]},{"@type":"BreadcrumbList","@id":"https:\/\/www.garciasabate.com\/laurel-and-hardy\/#breadcrumb","itemListElement":[{"@type":"ListItem","position":1,"name":"Portada","item":"https:\/\/www.garciasabate.com\/"},{"@type":"ListItem","position":2,"name":"Laurel and Hardy"}]},{"@type":"WebSite","@id":"https:\/\/www.garciasabate.com\/#website","url":"https:\/\/www.garciasabate.com\/","name":"Garcia Sabat\u00e9","description":"Muebles Modernos","potentialAction":[{"@type":"SearchAction","target":{"@type":"EntryPoint","urlTemplate":"https:\/\/www.garciasabate.com\/?s={search_term_string}"},"query-input":{"@type":"PropertyValueSpecification","valueRequired":true,"valueName":"search_term_string"}}],"inLanguage":"en-GB"}]}},"_links":{"self":[{"href":"https:\/\/www.garciasabate.com\/en\/wp-json\/wp\/v2\/pages\/937","targetHints":{"allow":["GET"]}}],"collection":[{"href":"https:\/\/www.garciasabate.com\/en\/wp-json\/wp\/v2\/pages"}],"about":[{"href":"https:\/\/www.garciasabate.com\/en\/wp-json\/wp\/v2\/types\/page"}],"author":[{"embeddable":true,"href":"https:\/\/www.garciasabate.com\/en\/wp-json\/wp\/v2\/users\/1"}],"replies":[{"embeddable":true,"href":"https:\/\/www.garciasabate.com\/en\/wp-json\/wp\/v2\/comments?post=937"}],"version-history":[{"count":0,"href":"https:\/\/www.garciasabate.com\/en\/wp-json\/wp\/v2\/pages\/937\/revisions"}],"wp:attachment":[{"href":"https:\/\/www.garciasabate.com\/en\/wp-json\/wp\/v2\/media?parent=937"}],"curies":[{"name":"wp","href":"https:\/\/api.w.org\/{rel}","templated":true}]}}